{"id":186,"date":"2023-05-10T12:39:36","date_gmt":"2023-05-10T10:39:36","guid":{"rendered":"https:\/\/www.toftagnisvard.se\/gustavs-orkidevandring\/?page_id=186"},"modified":"2023-06-06T12:01:12","modified_gmt":"2023-06-06T10:01:12","slug":"orkidearter","status":"publish","type":"page","link":"https:\/\/www.toftagnisvard.se\/gustavs-orkidevandring\/orkidearter\/","title":{"rendered":"Orkid\u00e9arter"},"content":{"rendered":"<p><div class=\"fusion-fullwidth fullwidth-box fusion-builder-row-1 fusion-flex-container has-pattern-background has-mask-background nonhundred-percent-fullwidth non-hundred-percent-height-scrolling\" style=\"--awb-border-radius-top-left:0px;--awb-border-radius-top-right:0px;--awb-border-radius-bottom-right:0px;--awb-border-radius-bottom-left:0px;--awb-flex-wrap:wrap;\" ><div class=\"fusion-builder-row fusion-row fusion-flex-align-items-flex-start fusion-flex-content-wrap\" style=\"max-width:1248px;margin-left: calc(-4% \/ 2 );margin-right: calc(-4% \/ 2 );\"><div class=\"fusion-layout-column fusion_builder_column fusion-builder-column-0 fusion_builder_column_1_1 1_1 fusion-flex-column\" style=\"--awb-bg-size:cover;--awb-width-large:100%;--awb-margin-top-large:0px;--awb-spacing-right-large:1.92%;--awb-margin-bottom-large:20px;--awb-spacing-left-large:1.92%;--awb-width-medium:100%;--awb-order-medium:0;--awb-spacing-right-medium:1.92%;--awb-spacing-left-medium:1.92%;--awb-width-small:100%;--awb-order-small:0;--awb-spacing-right-small:1.92%;--awb-spacing-left-small:1.92%;\"><div class=\"fusion-column-wrapper fusion-column-has-shadow fusion-flex-justify-content-flex-start fusion-content-layout-column\"><div class=\"fusion-text fusion-text-1 fusion-text-no-margin\" style=\"--awb-margin-bottom:30px;\"><h2>N\u00e5gra av orkid\u00e9arterna p\u00e5 stranden Tofta \u2013 Gnisv\u00e4rd<\/h2>\n<p>Klicka p\u00e5 bilderna eller rubrik f\u00f6r att l\u00e4sa mer om varje orkid\u00e9art.<\/p>\n<\/div><div class=\"fusion-recent-posts fusion-recent-posts-1 avada-container layout-default layout-columns-4\"><section class=\"fusion-columns columns fusion-columns-4 columns-4\"><article class=\"post fusion-column column col col-lg-3 col-md-3 col-sm-3\"><div class=\"fusion-flexslider fusion-flexslider-loading flexslider flexslider-hover-type-none\"><ul class=\"slides\"><li><a href=\"https:\/\/www.toftagnisvard.se\/gustavs-orkidevandring\/orkide\/rod-skogslilja\/\" aria-label=\"R\u00f6d skogslilja\" class=\"hover-type-none\"><img decoding=\"async\" width=\"694\" height=\"960\" src=\"https:\/\/www.toftagnisvard.se\/gustavs-orkidevandring\/wp-content\/uploads\/Rod-skogslilja-Foto-Bjorn-Risinger.jpg\" class=\"attachment-full size-full\" alt=\"\" srcset=\"https:\/\/www.toftagnisvard.se\/gustavs-orkidevandring\/wp-content\/uploads\/Rod-skogslilja-Foto-Bjorn-Risinger-200x277.jpg 200w, https:\/\/www.toftagnisvard.se\/gustavs-orkidevandring\/wp-content\/uploads\/Rod-skogslilja-Foto-Bjorn-Risinger-400x553.jpg 400w, https:\/\/www.toftagnisvard.se\/gustavs-orkidevandring\/wp-content\/uploads\/Rod-skogslilja-Foto-Bjorn-Risinger-600x830.jpg 600w, https:\/\/www.toftagnisvard.se\/gustavs-orkidevandring\/wp-content\/uploads\/Rod-skogslilja-Foto-Bjorn-Risinger.jpg 694w\" sizes=\"(min-width: 2200px) 100vw, (min-width: 856px) 278px, (min-width: 784px) 370px, (min-width: 712px) 555px, (min-width: 640px) 712px, \" \/><\/a><\/li><\/ul><\/div><div class=\"recent-posts-content\"><span class=\"vcard\" style=\"display: none;\"><span class=\"fn\"><a href=\"https:\/\/www.toftagnisvard.se\/gustavs-orkidevandring\/author\/er_orkidevandring\/\" title=\"Inl\u00e4gg av er_orkidevandring\" rel=\"author\">er_orkidevandring<\/a><\/span><\/span><span class=\"updated\" style=\"display:none;\">2023-05-10T16:40:42+02:00<\/span><h3 class=\"entry-title\"><a href=\"https:\/\/www.toftagnisvard.se\/gustavs-orkidevandring\/orkide\/rod-skogslilja\/\">R\u00f6d skogslilja<\/a><\/h3><p class=\"meta\"><span class=\"vcard\" style=\"display: none;\"><span class=\"fn\"><a href=\"https:\/\/www.toftagnisvard.se\/gustavs-orkidevandring\/author\/er_orkidevandring\/\" title=\"Inl\u00e4gg av er_orkidevandring\" rel=\"author\">er_orkidevandring<\/a><\/span><\/span><span class=\"updated\" style=\"display:none;\">2023-05-10T16:40:42+02:00<\/span><\/p><p> R\u00f6d skogslilja \u00e4r en fler\u00e5rig orkid\u00e9 med en t\u00e4mligen spenslig, vanligen 20\u201350 cm h\u00f6g, ogrenad stj\u00e4lk. Glest p\u00e5 stj\u00e4lken sitter elliptiska till [...]<\/p><\/div><\/article><article class=\"post fusion-column column col col-lg-3 col-md-3 col-sm-3\"><div class=\"fusion-flexslider fusion-flexslider-loading flexslider flexslider-hover-type-none\"><ul class=\"slides\"><li><a href=\"https:\/\/www.toftagnisvard.se\/gustavs-orkidevandring\/orkide\/purpurknipprot\/\" aria-label=\"Purpurknipprot\" class=\"hover-type-none\"><img decoding=\"async\" width=\"887\" height=\"887\" src=\"https:\/\/www.toftagnisvard.se\/gustavs-orkidevandring\/wp-content\/uploads\/Purpurknipprotens-vaniljdoftande-blommor-Foto-Gustav-Hammarhjelm.jpg\" class=\"attachment-full size-full\" alt=\"\" srcset=\"https:\/\/www.toftagnisvard.se\/gustavs-orkidevandring\/wp-content\/uploads\/Purpurknipprotens-vaniljdoftande-blommor-Foto-Gustav-Hammarhjelm-200x200.jpg 200w, https:\/\/www.toftagnisvard.se\/gustavs-orkidevandring\/wp-content\/uploads\/Purpurknipprotens-vaniljdoftande-blommor-Foto-Gustav-Hammarhjelm-400x400.jpg 400w, https:\/\/www.toftagnisvard.se\/gustavs-orkidevandring\/wp-content\/uploads\/Purpurknipprotens-vaniljdoftande-blommor-Foto-Gustav-Hammarhjelm-600x600.jpg 600w, https:\/\/www.toftagnisvard.se\/gustavs-orkidevandring\/wp-content\/uploads\/Purpurknipprotens-vaniljdoftande-blommor-Foto-Gustav-Hammarhjelm-800x800.jpg 800w, https:\/\/www.toftagnisvard.se\/gustavs-orkidevandring\/wp-content\/uploads\/Purpurknipprotens-vaniljdoftande-blommor-Foto-Gustav-Hammarhjelm.jpg 887w\" sizes=\"(min-width: 2200px) 100vw, (min-width: 856px) 278px, (min-width: 784px) 370px, (min-width: 712px) 555px, (min-width: 640px) 712px, \" \/><\/a><\/li><\/ul><\/div><div class=\"recent-posts-content\"><span class=\"vcard\" style=\"display: none;\"><span class=\"fn\"><a href=\"https:\/\/www.toftagnisvard.se\/gustavs-orkidevandring\/author\/er_orkidevandring\/\" title=\"Inl\u00e4gg av er_orkidevandring\" rel=\"author\">er_orkidevandring<\/a><\/span><\/span><span class=\"updated\" style=\"display:none;\">2023-05-10T16:45:35+02:00<\/span><h3 class=\"entry-title\"><a href=\"https:\/\/www.toftagnisvard.se\/gustavs-orkidevandring\/orkide\/purpurknipprot\/\">Purpurknipprot<\/a><\/h3><p class=\"meta\"><span class=\"vcard\" style=\"display: none;\"><span class=\"fn\"><a href=\"https:\/\/www.toftagnisvard.se\/gustavs-orkidevandring\/author\/er_orkidevandring\/\" title=\"Inl\u00e4gg av er_orkidevandring\" rel=\"author\">er_orkidevandring<\/a><\/span><\/span><span class=\"updated\" style=\"display:none;\">2023-05-10T16:45:35+02:00<\/span><\/p><p> Purpurknipproten kan bli en halv meter h\u00f6g, v\u00e4xer ofta i knippen och p\u00e5minner n\u00e4rmast om sl\u00e4ktingen skogsknipprot. Den skiljs enklast fr\u00e5n denna [...]<\/p><\/div><\/article><article class=\"post fusion-column column col col-lg-3 col-md-3 col-sm-3\"><div class=\"fusion-flexslider fusion-flexslider-loading flexslider flexslider-hover-type-none\"><ul class=\"slides\"><li><a href=\"https:\/\/www.toftagnisvard.se\/gustavs-orkidevandring\/orkide\/johannesnycklar\/\" aria-label=\"Johannesnycklar\" class=\"hover-type-none\"><img decoding=\"async\" width=\"526\" height=\"701\" src=\"https:\/\/www.toftagnisvard.se\/gustavs-orkidevandring\/wp-content\/uploads\/Blomstallningen-hos-Johannesnycklar-Foto-Bjorn-Risinger.jpg\" class=\"attachment-full size-full\" alt=\"\" srcset=\"https:\/\/www.toftagnisvard.se\/gustavs-orkidevandring\/wp-content\/uploads\/Blomstallningen-hos-Johannesnycklar-Foto-Bjorn-Risinger-200x267.jpg 200w, https:\/\/www.toftagnisvard.se\/gustavs-orkidevandring\/wp-content\/uploads\/Blomstallningen-hos-Johannesnycklar-Foto-Bjorn-Risinger-400x533.jpg 400w, https:\/\/www.toftagnisvard.se\/gustavs-orkidevandring\/wp-content\/uploads\/Blomstallningen-hos-Johannesnycklar-Foto-Bjorn-Risinger.jpg 526w\" sizes=\"(min-width: 2200px) 100vw, (min-width: 856px) 278px, (min-width: 784px) 370px, (min-width: 712px) 555px, (min-width: 640px) 712px, \" \/><\/a><\/li><\/ul><\/div><div class=\"recent-posts-content\"><span class=\"vcard\" style=\"display: none;\"><span class=\"fn\"><a href=\"https:\/\/www.toftagnisvard.se\/gustavs-orkidevandring\/author\/er_orkidevandring\/\" title=\"Inl\u00e4gg av er_orkidevandring\" rel=\"author\">er_orkidevandring<\/a><\/span><\/span><span class=\"updated\" style=\"display:none;\">2023-06-06T12:02:46+02:00<\/span><h3 class=\"entry-title\"><a href=\"https:\/\/www.toftagnisvard.se\/gustavs-orkidevandring\/orkide\/johannesnycklar\/\">Johannesnycklar<\/a><\/h3><p class=\"meta\"><span class=\"vcard\" style=\"display: none;\"><span class=\"fn\"><a href=\"https:\/\/www.toftagnisvard.se\/gustavs-orkidevandring\/author\/er_orkidevandring\/\" title=\"Inl\u00e4gg av er_orkidevandring\" rel=\"author\">er_orkidevandring<\/a><\/span><\/span><span class=\"updated\" style=\"display:none;\">2023-06-06T12:02:46+02:00<\/span><\/p><p> Johannesnycklar kan bli upp till en halv meter h\u00f6g men \u00e4r ofta kortare p\u00e5 \u00e4ngen i Gnisv\u00e4rd. Den egendomliga blomformen med dubbla [...]<\/p><\/div><\/article><article class=\"post fusion-column column col col-lg-3 col-md-3 col-sm-3\"><div class=\"fusion-flexslider fusion-flexslider-loading flexslider flexslider-hover-type-none\"><ul class=\"slides\"><li><a href=\"https:\/\/www.toftagnisvard.se\/gustavs-orkidevandring\/orkide\/brudsporre\/\" aria-label=\"Brudsporre\" class=\"hover-type-none\"><img decoding=\"async\" width=\"1912\" height=\"2560\" src=\"https:\/\/www.toftagnisvard.se\/gustavs-orkidevandring\/wp-content\/uploads\/Brudsporre-Foto-Bjorn-Risinger-scaled.jpg\" class=\"attachment-full size-full\" alt=\"\" srcset=\"https:\/\/www.toftagnisvard.se\/gustavs-orkidevandring\/wp-content\/uploads\/Brudsporre-Foto-Bjorn-Risinger-200x268.jpg 200w, https:\/\/www.toftagnisvard.se\/gustavs-orkidevandring\/wp-content\/uploads\/Brudsporre-Foto-Bjorn-Risinger-400x536.jpg 400w, https:\/\/www.toftagnisvard.se\/gustavs-orkidevandring\/wp-content\/uploads\/Brudsporre-Foto-Bjorn-Risinger-600x803.jpg 600w, https:\/\/www.toftagnisvard.se\/gustavs-orkidevandring\/wp-content\/uploads\/Brudsporre-Foto-Bjorn-Risinger-800x1071.jpg 800w, https:\/\/www.toftagnisvard.se\/gustavs-orkidevandring\/wp-content\/uploads\/Brudsporre-Foto-Bjorn-Risinger-1200x1607.jpg 1200w, https:\/\/www.toftagnisvard.se\/gustavs-orkidevandring\/wp-content\/uploads\/Brudsporre-Foto-Bjorn-Risinger-scaled.jpg 1912w\" sizes=\"(min-width: 2200px) 100vw, (min-width: 856px) 278px, (min-width: 784px) 370px, (min-width: 712px) 555px, (min-width: 640px) 712px, \" \/><\/a><\/li><\/ul><\/div><div class=\"recent-posts-content\"><span class=\"vcard\" style=\"display: none;\"><span class=\"fn\"><a href=\"https:\/\/www.toftagnisvard.se\/gustavs-orkidevandring\/author\/er_orkidevandring\/\" title=\"Inl\u00e4gg av er_orkidevandring\" rel=\"author\">er_orkidevandring<\/a><\/span><\/span><span class=\"updated\" style=\"display:none;\">2023-05-10T16:46:17+02:00<\/span><h3 class=\"entry-title\"><a href=\"https:\/\/www.toftagnisvard.se\/gustavs-orkidevandring\/orkide\/brudsporre\/\">Brudsporre<\/a><\/h3><p class=\"meta\"><span class=\"vcard\" style=\"display: none;\"><span class=\"fn\"><a href=\"https:\/\/www.toftagnisvard.se\/gustavs-orkidevandring\/author\/er_orkidevandring\/\" title=\"Inl\u00e4gg av er_orkidevandring\" rel=\"author\">er_orkidevandring<\/a><\/span><\/span><span class=\"updated\" style=\"display:none;\">2023-05-10T16:46:17+02:00<\/span><\/p><p> Brudsporren kan bli v\u00e4l \u00f6ver en halv meter h\u00f6g. Kronbladen \u00e4r rosa till r\u00f6dvioletta. I den t\u00e4ta blomst\u00e4llningen finns mellan 20 och [...]<\/p><\/div><\/article><article class=\"post fusion-column column col col-lg-3 col-md-3 col-sm-3\"><div class=\"fusion-flexslider fusion-flexslider-loading flexslider flexslider-hover-type-none\"><ul class=\"slides\"><li><a href=\"https:\/\/www.toftagnisvard.se\/gustavs-orkidevandring\/orkide\/karrkniprot\/\" aria-label=\"K\u00e4rrkniprot\" class=\"hover-type-none\"><img decoding=\"async\" width=\"839\" height=\"839\" src=\"https:\/\/www.toftagnisvard.se\/gustavs-orkidevandring\/wp-content\/uploads\/Karrknipprotens-blomma-i-narbild-Foto-Gustav-Hammarhjelm.jpg\" class=\"attachment-full size-full\" alt=\"\" srcset=\"https:\/\/www.toftagnisvard.se\/gustavs-orkidevandring\/wp-content\/uploads\/Karrknipprotens-blomma-i-narbild-Foto-Gustav-Hammarhjelm-200x200.jpg 200w, https:\/\/www.toftagnisvard.se\/gustavs-orkidevandring\/wp-content\/uploads\/Karrknipprotens-blomma-i-narbild-Foto-Gustav-Hammarhjelm-400x400.jpg 400w, https:\/\/www.toftagnisvard.se\/gustavs-orkidevandring\/wp-content\/uploads\/Karrknipprotens-blomma-i-narbild-Foto-Gustav-Hammarhjelm-600x600.jpg 600w, https:\/\/www.toftagnisvard.se\/gustavs-orkidevandring\/wp-content\/uploads\/Karrknipprotens-blomma-i-narbild-Foto-Gustav-Hammarhjelm-800x800.jpg 800w, https:\/\/www.toftagnisvard.se\/gustavs-orkidevandring\/wp-content\/uploads\/Karrknipprotens-blomma-i-narbild-Foto-Gustav-Hammarhjelm.jpg 839w\" sizes=\"(min-width: 2200px) 100vw, (min-width: 856px) 278px, (min-width: 784px) 370px, (min-width: 712px) 555px, (min-width: 640px) 712px, \" \/><\/a><\/li><\/ul><\/div><div class=\"recent-posts-content\"><span class=\"vcard\" style=\"display: none;\"><span class=\"fn\"><a href=\"https:\/\/www.toftagnisvard.se\/gustavs-orkidevandring\/author\/er_orkidevandring\/\" title=\"Inl\u00e4gg av er_orkidevandring\" rel=\"author\">er_orkidevandring<\/a><\/span><\/span><span class=\"updated\" style=\"display:none;\">2023-06-06T12:04:02+02:00<\/span><h3 class=\"entry-title\"><a href=\"https:\/\/www.toftagnisvard.se\/gustavs-orkidevandring\/orkide\/karrkniprot\/\">K\u00e4rrkniprot<\/a><\/h3><p class=\"meta\"><span class=\"vcard\" style=\"display: none;\"><span class=\"fn\"><a href=\"https:\/\/www.toftagnisvard.se\/gustavs-orkidevandring\/author\/er_orkidevandring\/\" title=\"Inl\u00e4gg av er_orkidevandring\" rel=\"author\">er_orkidevandring<\/a><\/span><\/span><span class=\"updated\" style=\"display:none;\">2023-06-06T12:04:02+02:00<\/span><\/p><p> K\u00e4rrknipproten blir kring 4 dm h\u00f6g. Den \u00e4r slank och har l\u00e5nga, smala blad st\u00e5r ut fr\u00e5n stj\u00e4lken. K\u00e4rrknipprot har i likhet [...]<\/p><\/div><\/article><article class=\"post fusion-column column col col-lg-3 col-md-3 col-sm-3\"><div class=\"fusion-flexslider fusion-flexslider-loading flexslider flexslider-hover-type-none\"><ul class=\"slides\"><li><a href=\"https:\/\/www.toftagnisvard.se\/gustavs-orkidevandring\/orkide\/honungsblomster\/\" aria-label=\"Honungsblomster\" class=\"hover-type-none\"><img decoding=\"async\" width=\"1912\" height=\"2560\" src=\"https:\/\/www.toftagnisvard.se\/gustavs-orkidevandring\/wp-content\/uploads\/Honungsblomster-Foto-Bjorn-Risinger-scaled.jpg\" class=\"attachment-full size-full\" alt=\"\" srcset=\"https:\/\/www.toftagnisvard.se\/gustavs-orkidevandring\/wp-content\/uploads\/Honungsblomster-Foto-Bjorn-Risinger-200x268.jpg 200w, https:\/\/www.toftagnisvard.se\/gustavs-orkidevandring\/wp-content\/uploads\/Honungsblomster-Foto-Bjorn-Risinger-400x536.jpg 400w, https:\/\/www.toftagnisvard.se\/gustavs-orkidevandring\/wp-content\/uploads\/Honungsblomster-Foto-Bjorn-Risinger-600x803.jpg 600w, https:\/\/www.toftagnisvard.se\/gustavs-orkidevandring\/wp-content\/uploads\/Honungsblomster-Foto-Bjorn-Risinger-800x1071.jpg 800w, https:\/\/www.toftagnisvard.se\/gustavs-orkidevandring\/wp-content\/uploads\/Honungsblomster-Foto-Bjorn-Risinger-1200x1607.jpg 1200w, https:\/\/www.toftagnisvard.se\/gustavs-orkidevandring\/wp-content\/uploads\/Honungsblomster-Foto-Bjorn-Risinger-scaled.jpg 1912w\" sizes=\"(min-width: 2200px) 100vw, (min-width: 856px) 278px, (min-width: 784px) 370px, (min-width: 712px) 555px, (min-width: 640px) 712px, \" \/><\/a><\/li><\/ul><\/div><div class=\"recent-posts-content\"><span class=\"vcard\" style=\"display: none;\"><span class=\"fn\"><a href=\"https:\/\/www.toftagnisvard.se\/gustavs-orkidevandring\/author\/er_orkidevandring\/\" title=\"Inl\u00e4gg av er_orkidevandring\" rel=\"author\">er_orkidevandring<\/a><\/span><\/span><span class=\"updated\" style=\"display:none;\">2023-05-10T16:45:17+02:00<\/span><h3 class=\"entry-title\"><a href=\"https:\/\/www.toftagnisvard.se\/gustavs-orkidevandring\/orkide\/honungsblomster\/\">Honungsblomster<\/a><\/h3><p class=\"meta\"><span class=\"vcard\" style=\"display: none;\"><span class=\"fn\"><a href=\"https:\/\/www.toftagnisvard.se\/gustavs-orkidevandring\/author\/er_orkidevandring\/\" title=\"Inl\u00e4gg av er_orkidevandring\" rel=\"author\">er_orkidevandring<\/a><\/span><\/span><span class=\"updated\" style=\"display:none;\">2023-05-10T16:45:17+02:00<\/span><\/p><p> Honungsblomster \u00e4r en liten och sp\u00e4d orkid\u00e9, ofta bara 5-15 cm h\u00f6g. Vid basen av stj\u00e4lken sitter tv\u00e5 eller tre, 2\u20136 cm [...]<\/p><\/div><\/article><article class=\"post fusion-column column col col-lg-3 col-md-3 col-sm-3\"><div class=\"fusion-flexslider fusion-flexslider-loading flexslider flexslider-hover-type-none\"><ul class=\"slides\"><li><a href=\"https:\/\/www.toftagnisvard.se\/gustavs-orkidevandring\/orkide\/salepsrot\/\" aria-label=\"Salepsrot\" class=\"hover-type-none\"><img decoding=\"async\" width=\"2130\" height=\"2130\" src=\"https:\/\/www.toftagnisvard.se\/gustavs-orkidevandring\/wp-content\/uploads\/Salepsroten-Anacamptis-pyramidalis-pa-men-blomstallningen-mer-aggformad-i-verkligheten-Foto-Gustav-Hammarhjelm.jpg\" class=\"attachment-full size-full\" alt=\"\" srcset=\"https:\/\/www.toftagnisvard.se\/gustavs-orkidevandring\/wp-content\/uploads\/Salepsroten-Anacamptis-pyramidalis-pa-men-blomstallningen-mer-aggformad-i-verkligheten-Foto-Gustav-Hammarhjelm-200x200.jpg 200w, https:\/\/www.toftagnisvard.se\/gustavs-orkidevandring\/wp-content\/uploads\/Salepsroten-Anacamptis-pyramidalis-pa-men-blomstallningen-mer-aggformad-i-verkligheten-Foto-Gustav-Hammarhjelm-400x400.jpg 400w, https:\/\/www.toftagnisvard.se\/gustavs-orkidevandring\/wp-content\/uploads\/Salepsroten-Anacamptis-pyramidalis-pa-men-blomstallningen-mer-aggformad-i-verkligheten-Foto-Gustav-Hammarhjelm-600x600.jpg 600w, https:\/\/www.toftagnisvard.se\/gustavs-orkidevandring\/wp-content\/uploads\/Salepsroten-Anacamptis-pyramidalis-pa-men-blomstallningen-mer-aggformad-i-verkligheten-Foto-Gustav-Hammarhjelm-800x800.jpg 800w, https:\/\/www.toftagnisvard.se\/gustavs-orkidevandring\/wp-content\/uploads\/Salepsroten-Anacamptis-pyramidalis-pa-men-blomstallningen-mer-aggformad-i-verkligheten-Foto-Gustav-Hammarhjelm-1200x1200.jpg 1200w, https:\/\/www.toftagnisvard.se\/gustavs-orkidevandring\/wp-content\/uploads\/Salepsroten-Anacamptis-pyramidalis-pa-men-blomstallningen-mer-aggformad-i-verkligheten-Foto-Gustav-Hammarhjelm.jpg 2130w\" sizes=\"(min-width: 2200px) 100vw, (min-width: 856px) 278px, (min-width: 784px) 370px, (min-width: 712px) 555px, (min-width: 640px) 712px, \" \/><\/a><\/li><\/ul><\/div><div class=\"recent-posts-content\"><span class=\"vcard\" style=\"display: none;\"><span class=\"fn\"><a href=\"https:\/\/www.toftagnisvard.se\/gustavs-orkidevandring\/author\/er_orkidevandring\/\" title=\"Inl\u00e4gg av er_orkidevandring\" rel=\"author\">er_orkidevandring<\/a><\/span><\/span><span class=\"updated\" style=\"display:none;\">2023-06-06T12:04:44+02:00<\/span><h3 class=\"entry-title\"><a href=\"https:\/\/www.toftagnisvard.se\/gustavs-orkidevandring\/orkide\/salepsrot\/\">Salepsrot<\/a><\/h3><p class=\"meta\"><span class=\"vcard\" style=\"display: none;\"><span class=\"fn\"><a href=\"https:\/\/www.toftagnisvard.se\/gustavs-orkidevandring\/author\/er_orkidevandring\/\" title=\"Inl\u00e4gg av er_orkidevandring\" rel=\"author\">er_orkidevandring<\/a><\/span><\/span><span class=\"updated\" style=\"display:none;\">2023-06-06T12:04:44+02:00<\/span><\/p><p> Salepsrot \u00e4r 2\u20134 dm h\u00f6g. Bladen \u00e4r 8\u201315 cm l\u00e5nga, smalt lansettlika till j\u00e4mnbreda, spetsiga, k\u00f6lade och saknar fl\u00e4ckar. Blomaxet \u00e4r 2\u20135 [...]<\/p><\/div><\/article><\/section><\/div><\/div><\/div><\/div><\/div><div class=\"fusion-fullwidth fullwidth-box fusion-builder-row-2 fusion-flex-container has-pattern-background has-mask-background fusion-parallax-none nonhundred-percent-fullwidth non-hundred-percent-height-scrolling\" style=\"--awb-background-repeat:repeat;--awb-border-radius-top-left:0px;--awb-border-radius-top-right:0px;--awb-border-radius-bottom-right:0px;--awb-border-radius-bottom-left:0px;--awb-padding-top:50px;--awb-padding-bottom:40px;--awb-background-image:url(&quot;https:\/\/www.toftagnisvard.se\/gustavs-orkidevandring\/wp-content\/uploads\/bakgrund_dagboken.jpg&quot;);--awb-flex-wrap:wrap;\" ><div class=\"fusion-builder-row fusion-row fusion-flex-align-items-flex-start fusion-flex-content-wrap\" style=\"max-width:1248px;margin-left: calc(-4% \/ 2 );margin-right: calc(-4% \/ 2 );\"><div class=\"fusion-layout-column fusion_builder_column fusion-builder-column-1 fusion_builder_column_1_1 1_1 fusion-flex-column\" style=\"--awb-bg-size:cover;--awb-width-large:100%;--awb-margin-top-large:0px;--awb-spacing-right-large:1.92%;--awb-margin-bottom-large:20px;--awb-spacing-left-large:1.92%;--awb-width-medium:100%;--awb-order-medium:0;--awb-spacing-right-medium:1.92%;--awb-spacing-left-medium:1.92%;--awb-width-small:100%;--awb-order-small:0;--awb-spacing-right-small:1.92%;--awb-spacing-left-small:1.92%;\"><div class=\"fusion-column-wrapper fusion-column-has-shadow fusion-flex-justify-content-flex-start fusion-content-layout-column\"><div class=\"fusion-text fusion-text-2\"><h2>Och d\u00e4rut\u00f6ver \u2013 ytterligare 4 arter bara i bild<\/h2>\n<\/div><\/div><\/div><div class=\"fusion-layout-column fusion_builder_column fusion-builder-column-2 fusion_builder_column_1_4 1_4 fusion-flex-column\" style=\"--awb-bg-size:cover;--awb-width-large:25%;--awb-margin-top-large:0px;--awb-spacing-right-large:7.68%;--awb-margin-bottom-large:20px;--awb-spacing-left-large:7.68%;--awb-width-medium:25%;--awb-order-medium:0;--awb-spacing-right-medium:7.68%;--awb-spacing-left-medium:7.68%;--awb-width-small:100%;--awb-order-small:0;--awb-spacing-right-small:1.92%;--awb-spacing-left-small:1.92%;\"><div class=\"fusion-column-wrapper fusion-column-has-shadow fusion-flex-justify-content-flex-start fusion-content-layout-column\"><div class=\"fusion-text fusion-text-3\"><h2>Vit skogslilja<\/h2>\n<div id=\"attachment_40\" style=\"width: 674px\" class=\"wp-caption alignnone\"><a href=\"https:\/\/www.toftagnisvard.se\/gustavs-orkidevandring\/wp-content\/uploads\/Vit-skogslilja-Foto-Bjorn-Risinger.jpg\"><img decoding=\"async\" aria-describedby=\"caption-attachment-40\" class=\"wp-image-40 size-full\" src=\"https:\/\/www.toftagnisvard.se\/gustavs-orkidevandring\/wp-content\/uploads\/Vit-skogslilja-Foto-Bjorn-Risinger.jpg\" alt=\"\" width=\"664\" height=\"960\" srcset=\"https:\/\/www.toftagnisvard.se\/gustavs-orkidevandring\/wp-content\/uploads\/Vit-skogslilja-Foto-Bjorn-Risinger-200x289.jpg 200w, https:\/\/www.toftagnisvard.se\/gustavs-orkidevandring\/wp-content\/uploads\/Vit-skogslilja-Foto-Bjorn-Risinger-346x500.jpg 346w, https:\/\/www.toftagnisvard.se\/gustavs-orkidevandring\/wp-content\/uploads\/Vit-skogslilja-Foto-Bjorn-Risinger-400x578.jpg 400w, https:\/\/www.toftagnisvard.se\/gustavs-orkidevandring\/wp-content\/uploads\/Vit-skogslilja-Foto-Bjorn-Risinger-553x800.jpg 553w, https:\/\/www.toftagnisvard.se\/gustavs-orkidevandring\/wp-content\/uploads\/Vit-skogslilja-Foto-Bjorn-Risinger-600x867.jpg 600w, https:\/\/www.toftagnisvard.se\/gustavs-orkidevandring\/wp-content\/uploads\/Vit-skogslilja-Foto-Bjorn-Risinger.jpg 664w\" sizes=\"(max-width: 664px) 100vw, 664px\" \/><\/a><p id=\"caption-attachment-40\" class=\"wp-caption-text\">Vit skogslilja<br \/>Foto: Bj\u00f6rn Risinger<\/p><\/div>\n<\/div><\/div><\/div><div class=\"fusion-layout-column fusion_builder_column fusion-builder-column-3 fusion_builder_column_1_4 1_4 fusion-flex-column\" style=\"--awb-bg-size:cover;--awb-width-large:25%;--awb-margin-top-large:0px;--awb-spacing-right-large:7.68%;--awb-margin-bottom-large:20px;--awb-spacing-left-large:7.68%;--awb-width-medium:25%;--awb-order-medium:0;--awb-spacing-right-medium:7.68%;--awb-spacing-left-medium:7.68%;--awb-width-small:100%;--awb-order-small:0;--awb-spacing-right-small:1.92%;--awb-spacing-left-small:1.92%;\"><div class=\"fusion-column-wrapper fusion-column-has-shadow fusion-flex-justify-content-flex-start fusion-content-layout-column\"><div class=\"fusion-text fusion-text-4\"><h2>Kal knipprot<\/h2>\n<div id=\"attachment_33\" style=\"width: 1922px\" class=\"wp-caption alignnone\"><a href=\"https:\/\/www.toftagnisvard.se\/gustavs-orkidevandring\/wp-content\/uploads\/Kal-knipprot-Foto-Bjorn-Risinger-scaled.jpg\"><img decoding=\"async\" aria-describedby=\"caption-attachment-33\" class=\"wp-image-33 size-full\" src=\"https:\/\/www.toftagnisvard.se\/gustavs-orkidevandring\/wp-content\/uploads\/Kal-knipprot-Foto-Bjorn-Risinger-scaled.jpg\" alt=\"\" width=\"1912\" height=\"2560\" srcset=\"https:\/\/www.toftagnisvard.se\/gustavs-orkidevandring\/wp-content\/uploads\/Kal-knipprot-Foto-Bjorn-Risinger-200x268.jpg 200w, https:\/\/www.toftagnisvard.se\/gustavs-orkidevandring\/wp-content\/uploads\/Kal-knipprot-Foto-Bjorn-Risinger-373x500.jpg 373w, https:\/\/www.toftagnisvard.se\/gustavs-orkidevandring\/wp-content\/uploads\/Kal-knipprot-Foto-Bjorn-Risinger-400x536.jpg 400w, https:\/\/www.toftagnisvard.se\/gustavs-orkidevandring\/wp-content\/uploads\/Kal-knipprot-Foto-Bjorn-Risinger-598x800.jpg 598w, https:\/\/www.toftagnisvard.se\/gustavs-orkidevandring\/wp-content\/uploads\/Kal-knipprot-Foto-Bjorn-Risinger-600x803.jpg 600w, https:\/\/www.toftagnisvard.se\/gustavs-orkidevandring\/wp-content\/uploads\/Kal-knipprot-Foto-Bjorn-Risinger-768x1028.jpg 768w, https:\/\/www.toftagnisvard.se\/gustavs-orkidevandring\/wp-content\/uploads\/Kal-knipprot-Foto-Bjorn-Risinger-800x1071.jpg 800w, https:\/\/www.toftagnisvard.se\/gustavs-orkidevandring\/wp-content\/uploads\/Kal-knipprot-Foto-Bjorn-Risinger-896x1200.jpg 896w, https:\/\/www.toftagnisvard.se\/gustavs-orkidevandring\/wp-content\/uploads\/Kal-knipprot-Foto-Bjorn-Risinger-1147x1536.jpg 1147w, https:\/\/www.toftagnisvard.se\/gustavs-orkidevandring\/wp-content\/uploads\/Kal-knipprot-Foto-Bjorn-Risinger-1200x1607.jpg 1200w, https:\/\/www.toftagnisvard.se\/gustavs-orkidevandring\/wp-content\/uploads\/Kal-knipprot-Foto-Bjorn-Risinger-1530x2048.jpg 1530w, https:\/\/www.toftagnisvard.se\/gustavs-orkidevandring\/wp-content\/uploads\/Kal-knipprot-Foto-Bjorn-Risinger-scaled.jpg 1912w\" sizes=\"(max-width: 1912px) 100vw, 1912px\" \/><\/a><p id=\"caption-attachment-33\" class=\"wp-caption-text\">Kal knipprot<br \/>Foto: Bj\u00f6rn Risinger<\/p><\/div>\n<\/div><\/div><\/div><div class=\"fusion-layout-column fusion_builder_column fusion-builder-column-4 fusion_builder_column_1_4 1_4 fusion-flex-column\" style=\"--awb-bg-size:cover;--awb-width-large:25%;--awb-margin-top-large:0px;--awb-spacing-right-large:7.68%;--awb-margin-bottom-large:20px;--awb-spacing-left-large:7.68%;--awb-width-medium:25%;--awb-order-medium:0;--awb-spacing-right-medium:7.68%;--awb-spacing-left-medium:7.68%;--awb-width-small:100%;--awb-order-small:0;--awb-spacing-right-small:1.92%;--awb-spacing-left-small:1.92%;\"><div class=\"fusion-column-wrapper fusion-column-has-shadow fusion-flex-justify-content-flex-start fusion-content-layout-column\"><div class=\"fusion-text fusion-text-5\"><h2>N\u00e4strot<\/h2>\n<div id=\"attachment_34\" style=\"width: 2570px\" class=\"wp-caption alignnone\"><a href=\"https:\/\/www.toftagnisvard.se\/gustavs-orkidevandring\/wp-content\/uploads\/Nastrot-Foto-Gustav-Hammarhjelm-scaled.jpg\"><img decoding=\"async\" aria-describedby=\"caption-attachment-34\" class=\"wp-image-34 size-full\" src=\"https:\/\/www.toftagnisvard.se\/gustavs-orkidevandring\/wp-content\/uploads\/Nastrot-Foto-Gustav-Hammarhjelm-scaled.jpg\" alt=\"\" width=\"2560\" height=\"2560\" srcset=\"https:\/\/www.toftagnisvard.se\/gustavs-orkidevandring\/wp-content\/uploads\/Nastrot-Foto-Gustav-Hammarhjelm-66x66.jpg 66w, https:\/\/www.toftagnisvard.se\/gustavs-orkidevandring\/wp-content\/uploads\/Nastrot-Foto-Gustav-Hammarhjelm-200x200.jpg 200w, https:\/\/www.toftagnisvard.se\/gustavs-orkidevandring\/wp-content\/uploads\/Nastrot-Foto-Gustav-Hammarhjelm-400x400.jpg 400w, https:\/\/www.toftagnisvard.se\/gustavs-orkidevandring\/wp-content\/uploads\/Nastrot-Foto-Gustav-Hammarhjelm-500x500.jpg 500w, https:\/\/www.toftagnisvard.se\/gustavs-orkidevandring\/wp-content\/uploads\/Nastrot-Foto-Gustav-Hammarhjelm-600x600.jpg 600w, https:\/\/www.toftagnisvard.se\/gustavs-orkidevandring\/wp-content\/uploads\/Nastrot-Foto-Gustav-Hammarhjelm-768x768.jpg 768w, https:\/\/www.toftagnisvard.se\/gustavs-orkidevandring\/wp-content\/uploads\/Nastrot-Foto-Gustav-Hammarhjelm-800x800.jpg 800w, https:\/\/www.toftagnisvard.se\/gustavs-orkidevandring\/wp-content\/uploads\/Nastrot-Foto-Gustav-Hammarhjelm-1200x1200.jpg 1200w, https:\/\/www.toftagnisvard.se\/gustavs-orkidevandring\/wp-content\/uploads\/Nastrot-Foto-Gustav-Hammarhjelm-1536x1536.jpg 1536w, https:\/\/www.toftagnisvard.se\/gustavs-orkidevandring\/wp-content\/uploads\/Nastrot-Foto-Gustav-Hammarhjelm-scaled.jpg 2560w\" sizes=\"(max-width: 2560px) 100vw, 2560px\" \/><\/a><p id=\"caption-attachment-34\" class=\"wp-caption-text\">N\u00e4strot<br \/>Foto: Gustav Hammarhjelm<\/p><\/div>\n<\/div><\/div><\/div><div class=\"fusion-layout-column fusion_builder_column fusion-builder-column-5 fusion_builder_column_1_4 1_4 fusion-flex-column\" style=\"--awb-bg-size:cover;--awb-width-large:25%;--awb-margin-top-large:0px;--awb-spacing-right-large:7.68%;--awb-margin-bottom-large:20px;--awb-spacing-left-large:7.68%;--awb-width-medium:25%;--awb-order-medium:0;--awb-spacing-right-medium:7.68%;--awb-spacing-left-medium:7.68%;--awb-width-small:100%;--awb-order-small:0;--awb-spacing-right-small:1.92%;--awb-spacing-left-small:1.92%;\"><div class=\"fusion-column-wrapper fusion-column-has-shadow fusion-flex-justify-content-flex-start fusion-content-layout-column\"><div class=\"fusion-text fusion-text-6\"><h2>Gr\u00f6nvit nattviol<\/h2>\n<div id=\"attachment_32\" style=\"width: 1930px\" class=\"wp-caption alignnone\"><a href=\"https:\/\/www.toftagnisvard.se\/gustavs-orkidevandring\/wp-content\/uploads\/Gronvit-nattviol-Foto-Bjorn-Risinger-scaled.jpg\"><img decoding=\"async\" aria-describedby=\"caption-attachment-32\" class=\"wp-image-32 size-full\" src=\"https:\/\/www.toftagnisvard.se\/gustavs-orkidevandring\/wp-content\/uploads\/Gronvit-nattviol-Foto-Bjorn-Risinger-scaled.jpg\" alt=\"\" width=\"1920\" height=\"2560\" srcset=\"https:\/\/www.toftagnisvard.se\/gustavs-orkidevandring\/wp-content\/uploads\/Gronvit-nattviol-Foto-Bjorn-Risinger-200x267.jpg 200w, https:\/\/www.toftagnisvard.se\/gustavs-orkidevandring\/wp-content\/uploads\/Gronvit-nattviol-Foto-Bjorn-Risinger-375x500.jpg 375w, https:\/\/www.toftagnisvard.se\/gustavs-orkidevandring\/wp-content\/uploads\/Gronvit-nattviol-Foto-Bjorn-Risinger-400x533.jpg 400w, https:\/\/www.toftagnisvard.se\/gustavs-orkidevandring\/wp-content\/uploads\/Gronvit-nattviol-Foto-Bjorn-Risinger-600x800.jpg 600w, https:\/\/www.toftagnisvard.se\/gustavs-orkidevandring\/wp-content\/uploads\/Gronvit-nattviol-Foto-Bjorn-Risinger-768x1024.jpg 768w, https:\/\/www.toftagnisvard.se\/gustavs-orkidevandring\/wp-content\/uploads\/Gronvit-nattviol-Foto-Bjorn-Risinger-800x1067.jpg 800w, https:\/\/www.toftagnisvard.se\/gustavs-orkidevandring\/wp-content\/uploads\/Gronvit-nattviol-Foto-Bjorn-Risinger-900x1200.jpg 900w, https:\/\/www.toftagnisvard.se\/gustavs-orkidevandring\/wp-content\/uploads\/Gronvit-nattviol-Foto-Bjorn-Risinger-1152x1536.jpg 1152w, https:\/\/www.toftagnisvard.se\/gustavs-orkidevandring\/wp-content\/uploads\/Gronvit-nattviol-Foto-Bjorn-Risinger-1200x1600.jpg 1200w, https:\/\/www.toftagnisvard.se\/gustavs-orkidevandring\/wp-content\/uploads\/Gronvit-nattviol-Foto-Bjorn-Risinger-1536x2048.jpg 1536w, https:\/\/www.toftagnisvard.se\/gustavs-orkidevandring\/wp-content\/uploads\/Gronvit-nattviol-Foto-Bjorn-Risinger-scaled.jpg 1920w\" sizes=\"(max-width: 1920px) 100vw, 1920px\" \/><\/a><p id=\"caption-attachment-32\" class=\"wp-caption-text\">Gr\u00f6nvit nattviol<br \/>Foto: Bj\u00f6rn Risinger<\/p><\/div>\n<\/div><\/div><\/div><\/div><\/div><\/p>\n","protected":false},"excerpt":{"rendered":"","protected":false},"author":2,"featured_media":0,"parent":0,"menu_order":30,"comment_status":"closed","ping_status":"closed","template":"100-width.php","meta":{"footnotes":""},"class_list":["post-186","page","type-page","status-publish","hentry"],"_links":{"self":[{"href":"https:\/\/www.toftagnisvard.se\/gustavs-orkidevandring\/wp-json\/wp\/v2\/pages\/186","targetHints":{"allow":["GET"]}}],"collection":[{"href":"https:\/\/www.toftagnisvard.se\/gustavs-orkidevandring\/wp-json\/wp\/v2\/pages"}],"about":[{"href":"https:\/\/www.toftagnisvard.se\/gustavs-orkidevandring\/wp-json\/wp\/v2\/types\/page"}],"author":[{"embeddable":true,"href":"https:\/\/www.toftagnisvard.se\/gustavs-orkidevandring\/wp-json\/wp\/v2\/users\/2"}],"replies":[{"embeddable":true,"href":"https:\/\/www.toftagnisvard.se\/gustavs-orkidevandring\/wp-json\/wp\/v2\/comments?post=186"}],"version-history":[{"count":19,"href":"https:\/\/www.toftagnisvard.se\/gustavs-orkidevandring\/wp-json\/wp\/v2\/pages\/186\/revisions"}],"predecessor-version":[{"id":234,"href":"https:\/\/www.toftagnisvard.se\/gustavs-orkidevandring\/wp-json\/wp\/v2\/pages\/186\/revisions\/234"}],"wp:attachment":[{"href":"https:\/\/www.toftagnisvard.se\/gustavs-orkidevandring\/wp-json\/wp\/v2\/media?parent=186"}],"curies":[{"name":"wp","href":"https:\/\/api.w.org\/{rel}","templated":true}]}}