{"id":9,"date":"2023-05-06T16:26:05","date_gmt":"2023-05-06T14:26:05","guid":{"rendered":"https:\/\/toftagnisvard.se\/gustavs-orkidevandring\/?page_id=9"},"modified":"2023-06-12T16:18:51","modified_gmt":"2023-06-12T14:18:51","slug":"start","status":"publish","type":"page","link":"https:\/\/www.toftagnisvard.se\/gustavs-orkidevandring\/","title":{"rendered":"Start"},"content":{"rendered":"<p><div class=\"fusion-fullwidth fullwidth-box fusion-builder-row-1 fusion-flex-container has-pattern-background has-mask-background nonhundred-percent-fullwidth non-hundred-percent-height-scrolling\" style=\"--awb-border-radius-top-left:0px;--awb-border-radius-top-right:0px;--awb-border-radius-bottom-right:0px;--awb-border-radius-bottom-left:0px;--awb-margin-bottom:30px;--awb-flex-wrap:wrap;\" ><div class=\"fusion-builder-row fusion-row fusion-flex-align-items-flex-start fusion-flex-content-wrap\" style=\"max-width:1248px;margin-left: calc(-4% \/ 2 );margin-right: calc(-4% \/ 2 );\"><div class=\"fusion-layout-column fusion_builder_column fusion-builder-column-0 fusion_builder_column_2_3 2_3 fusion-flex-column\" style=\"--awb-bg-size:cover;--awb-width-large:66.666666666667%;--awb-margin-top-large:0px;--awb-spacing-right-large:2.88%;--awb-margin-bottom-large:20px;--awb-spacing-left-large:2.88%;--awb-width-medium:66.666666666667%;--awb-order-medium:0;--awb-spacing-right-medium:2.88%;--awb-spacing-left-medium:2.88%;--awb-width-small:100%;--awb-order-small:0;--awb-spacing-right-small:1.92%;--awb-spacing-left-small:1.92%;\"><div class=\"fusion-column-wrapper fusion-column-has-shadow fusion-flex-justify-content-flex-start fusion-content-layout-column\"><div class=\"fusion-text fusion-text-1\"><p>Detta h\u00e4fte avser presentera de orkid\u00e9arter som finns p\u00e5 och kring Tofta strand samt var och n\u00e4r man kan finna dem. Syftet \u00e4r att uppm\u00e4rksamma dessa v\u00e4xter med f\u00f6rhoppningen att p\u00e5 s\u00e5 s\u00e4tt \u00f6ka respekten f\u00f6r dem och deras v\u00e4xtplatser.<\/p>\n<p>Observera att <strong>alla orkid\u00e9arter \u00e4r fridlysta i Sverige. De \u00e4r s\u00e5ledes f\u00f6rbjudna att plocka eller p\u00e5 andra s\u00e4tt skada.<\/strong> Orkid\u00e9erna har dock i de flesta fall inga inv\u00e4ndningar mot att fotograferas &#8211; men de uppskattar om man inte trampar alldeles f\u00f6r n\u00e4ra d\u00e4r de v\u00e4xer d\u00e5 deras rotkn\u00f6lar \u00e4r \u00f6mma!<\/p>\n<p>Med dessa f\u00f6ruts\u00e4ttningar avklarade hoppar vi \u00f6ver till en introduktion av dessa v\u00e4xter. De flesta har ju sett orkid\u00e9er som prydnadsv\u00e4xter, men det f\u00f6rekommer ocks\u00e5 vilda sl\u00e4ktingar till dessa i Sverige! Dessa har varierande likhet med sina inneboende fr\u00e4nder: de \u00e4r alltid mindre till storleken men s\u00e4llan mindre fascinerande och aldrig mindre vackra.<\/p>\n<p>De vilda orkid\u00e9erna blommar fr\u00e5n m\u00e5nadsskiftet april\/maj till slutet av augusti. Under denna period finns h\u00e4r p\u00e5 och runt stranden n\u00e4stan alltid n\u00e5gon art i blom. Jag har sj\u00e4lv sett en dr\u00f6s arter h\u00e4r p\u00e5 Tofta och t\u00e4nkte dela med mig av var och n\u00e4r de g\u00e5r att f\u00e5 syn p\u00e5 och hur man kan se skillnad p\u00e5 dem.<\/p>\n<p>F\u00f6rst, lite allm\u00e4nt om orkid\u00e9er.<\/p>\n<p><em>Gustav Hammarhjelm<\/em><\/p>\n<\/div><div ><a class=\"fusion-button button-flat fusion-button-default-size button-default fusion-button-default button-1 fusion-button-default-span fusion-button-default-type\" target=\"_self\" href=\"https:\/\/www.toftagnisvard.se\/gustavs-orkidevandring\/om-orkideer\/\"><span class=\"fusion-button-text awb-button__text awb-button__text--default\">Lite allm\u00e4nt om orkid\u00e9er<\/span><\/a><\/div><\/div><\/div><div class=\"fusion-layout-column fusion_builder_column fusion-builder-column-1 fusion_builder_column_1_3 1_3 fusion-flex-column\" style=\"--awb-bg-size:cover;--awb-width-large:33.333333333333%;--awb-margin-top-large:0px;--awb-spacing-right-large:5.76%;--awb-margin-bottom-large:20px;--awb-spacing-left-large:5.76%;--awb-width-medium:33.333333333333%;--awb-order-medium:0;--awb-spacing-right-medium:5.76%;--awb-spacing-left-medium:5.76%;--awb-width-small:100%;--awb-order-small:0;--awb-spacing-right-small:1.92%;--awb-spacing-left-small:1.92%;\"><div class=\"fusion-column-wrapper fusion-column-has-shadow fusion-flex-justify-content-flex-start fusion-content-layout-column\"><div class=\"fusion-text fusion-text-2\"><div id=\"attachment_13\" style=\"width: 536px\" class=\"wp-caption alignnone\"><a href=\"https:\/\/www.toftagnisvard.se\/gustavs-orkidevandring\/wp-content\/uploads\/Blomstallningen-hos-Johannesnycklar-Foto-Bjorn-Risinger.jpg\"><img decoding=\"async\" aria-describedby=\"caption-attachment-13\" class=\"wp-image-13 size-full\" src=\"https:\/\/www.toftagnisvard.se\/gustavs-orkidevandring\/wp-content\/uploads\/Blomstallningen-hos-Johannesnycklar-Foto-Bjorn-Risinger.jpg\" alt=\"\" width=\"526\" height=\"701\" srcset=\"https:\/\/www.toftagnisvard.se\/gustavs-orkidevandring\/wp-content\/uploads\/Blomstallningen-hos-Johannesnycklar-Foto-Bjorn-Risinger-200x267.jpg 200w, https:\/\/www.toftagnisvard.se\/gustavs-orkidevandring\/wp-content\/uploads\/Blomstallningen-hos-Johannesnycklar-Foto-Bjorn-Risinger-375x500.jpg 375w, https:\/\/www.toftagnisvard.se\/gustavs-orkidevandring\/wp-content\/uploads\/Blomstallningen-hos-Johannesnycklar-Foto-Bjorn-Risinger-400x533.jpg 400w, https:\/\/www.toftagnisvard.se\/gustavs-orkidevandring\/wp-content\/uploads\/Blomstallningen-hos-Johannesnycklar-Foto-Bjorn-Risinger.jpg 526w\" sizes=\"(max-width: 526px) 100vw, 526px\" \/><\/a><p id=\"caption-attachment-13\" class=\"wp-caption-text\">Johannesnycklar<br \/>Foto: Gustav Hammarhjelm<\/p><\/div>\n<\/div><\/div><\/div><\/div><\/div><div class=\"fusion-fullwidth fullwidth-box fusion-builder-row-2 fusion-flex-container has-pattern-background has-mask-background fusion-parallax-none nonhundred-percent-fullwidth non-hundred-percent-height-scrolling\" style=\"--awb-background-repeat:repeat;--awb-border-radius-top-left:0px;--awb-border-radius-top-right:0px;--awb-border-radius-bottom-right:0px;--awb-border-radius-bottom-left:0px;--awb-padding-top:100px;--awb-padding-bottom:40px;--awb-background-image:url(&quot;https:\/\/www.toftagnisvard.se\/gustavs-orkidevandring\/wp-content\/uploads\/bakgrund_dagboken.jpg&quot;);--awb-flex-wrap:wrap;\" ><div class=\"fusion-builder-row fusion-row fusion-flex-align-items-flex-start fusion-flex-content-wrap\" style=\"max-width:1248px;margin-left: calc(-4% \/ 2 );margin-right: calc(-4% \/ 2 );\"><div class=\"fusion-layout-column fusion_builder_column fusion-builder-column-2 fusion_builder_column_2_3 2_3 fusion-flex-column textcourier\" style=\"--awb-bg-size:cover;--awb-width-large:66.666666666667%;--awb-margin-top-large:0px;--awb-spacing-right-large:2.88%;--awb-margin-bottom-large:20px;--awb-spacing-left-large:2.88%;--awb-width-medium:66.666666666667%;--awb-order-medium:0;--awb-spacing-right-medium:2.88%;--awb-spacing-left-medium:2.88%;--awb-width-small:100%;--awb-order-small:0;--awb-spacing-right-small:1.92%;--awb-spacing-left-small:1.92%;\" data-scroll-devices=\"small-visibility,medium-visibility,large-visibility\"><div class=\"fusion-column-wrapper fusion-column-has-shadow fusion-flex-justify-content-flex-start fusion-content-layout-column\"><div class=\"fusion-text fusion-text-3 fusion-no-medium-visibility fusion-no-large-visibility\"><div class=\"dagboksplattaleft\" style=\"text-align: left;\">Utdrag fr\u00e5n min dagbok 2015<\/div>\n<\/div><div class=\"fusion-text fusion-text-4\"><p><strong>Tofta strand 25\/6<\/strong><\/p>\n<p>Promenad via Gnisvard d\u00e4r Salepsr\u00f6tterna b\u00f6rjar ta sig. Mamma visade mig orkid\u00e9 som visade sig vara gr\u00f6nvit nattviol, f\u00f6r mig ny art! Denna stod ca 200 meter norr om andra bron man g\u00e5r f\u00f6rbi om man g\u00e5r fr\u00e5n Panget till Gnisv\u00e4rd. S\u00e5g \u00e4ven ett exemplar nattviol som f\u00f6rmodligen \u00e4r hybrid, finns p\u00e5 bild DSC 0701.<\/p>\n<p>Gick vid 17, vid rast p\u00e5 jobbet, en runda lite norrut fr\u00e5n Panget och s\u00e5g k\u00e4rrknipprot och pyrola. \u00c4ven en \u00e4ngsnyckel och tv\u00e5blad.<\/p>\n<p>N\u00e4r jag slutat jobbet vid 21 gick jag ner till gula bommen. N\u00e5gra meter framf\u00f6r den mot havet v\u00e4xer en r\u00f6d skogslilja. De r\u00f6da skogsliljorna i sluttningen b\u00f6rjar blomma fint, det ar 10 stycken. K\u00e4rrknipproten v\u00e4xer p\u00e5 v\u00e4gen dit d\u00e4r den brukar. Kollade \u00e4ven till den gr\u00f6nvita nattviolen i solnedg\u00e5ngen.<br \/>\nFick idag id\u00e9n om att g\u00f6ra ett <strong>h\u00e4fte om Tofta strands orkid\u00e9er<\/strong> och dela ut till menigheten.<\/p>\n<\/div><div ><a class=\"fusion-button button-flat fusion-button-default-size button-default fusion-button-default button-2 fusion-button-default-span fusion-button-default-type\" target=\"_self\" href=\"https:\/\/www.toftagnisvard.se\/gustavs-orkidevandring\/om-gustav\/\"><span class=\"fusion-button-text awb-button__text awb-button__text--default\">L\u00e4s mer om Gustav och dagboken<\/span><\/a><\/div><\/div><\/div><div class=\"fusion-layout-column fusion_builder_column fusion-builder-column-3 fusion_builder_column_1_3 1_3 fusion-flex-column textcourier\" style=\"--awb-bg-size:cover;--awb-width-large:33.333333333333%;--awb-margin-top-large:0px;--awb-spacing-right-large:5.76%;--awb-margin-bottom-large:20px;--awb-spacing-left-large:5.76%;--awb-width-medium:33.333333333333%;--awb-order-medium:0;--awb-spacing-right-medium:5.76%;--awb-spacing-left-medium:5.76%;--awb-width-small:100%;--awb-order-small:0;--awb-spacing-right-small:1.92%;--awb-spacing-left-small:1.92%;\" data-scroll-devices=\"small-visibility,medium-visibility,large-visibility\"><div class=\"fusion-column-wrapper fusion-column-has-shadow fusion-flex-justify-content-flex-start fusion-content-layout-column\"><div class=\"fusion-text fusion-text-5 fusion-no-small-visibility\"><div class=\"dagboksplatta\" style=\"text-align: right;\">Utdrag fr\u00e5n min dagbok 2015<\/div>\n<\/div><div class=\"fusion-text fusion-text-6\"><div id=\"attachment_24\" style=\"width: 849px\" class=\"wp-caption alignnone\"><a href=\"https:\/\/www.toftagnisvard.se\/gustavs-orkidevandring\/wp-content\/uploads\/Karrknipprotens-blomma-i-narbild-Foto-Gustav-Hammarhjelm.jpg\"><img decoding=\"async\" aria-describedby=\"caption-attachment-24\" class=\"wp-image-24 size-full\" src=\"https:\/\/www.toftagnisvard.se\/gustavs-orkidevandring\/wp-content\/uploads\/Karrknipprotens-blomma-i-narbild-Foto-Gustav-Hammarhjelm.jpg\" alt=\"\" width=\"839\" height=\"839\" srcset=\"https:\/\/www.toftagnisvard.se\/gustavs-orkidevandring\/wp-content\/uploads\/Karrknipprotens-blomma-i-narbild-Foto-Gustav-Hammarhjelm-66x66.jpg 66w, https:\/\/www.toftagnisvard.se\/gustavs-orkidevandring\/wp-content\/uploads\/Karrknipprotens-blomma-i-narbild-Foto-Gustav-Hammarhjelm-200x200.jpg 200w, https:\/\/www.toftagnisvard.se\/gustavs-orkidevandring\/wp-content\/uploads\/Karrknipprotens-blomma-i-narbild-Foto-Gustav-Hammarhjelm-400x400.jpg 400w, https:\/\/www.toftagnisvard.se\/gustavs-orkidevandring\/wp-content\/uploads\/Karrknipprotens-blomma-i-narbild-Foto-Gustav-Hammarhjelm-500x500.jpg 500w, https:\/\/www.toftagnisvard.se\/gustavs-orkidevandring\/wp-content\/uploads\/Karrknipprotens-blomma-i-narbild-Foto-Gustav-Hammarhjelm-600x600.jpg 600w, https:\/\/www.toftagnisvard.se\/gustavs-orkidevandring\/wp-content\/uploads\/Karrknipprotens-blomma-i-narbild-Foto-Gustav-Hammarhjelm-768x768.jpg 768w, https:\/\/www.toftagnisvard.se\/gustavs-orkidevandring\/wp-content\/uploads\/Karrknipprotens-blomma-i-narbild-Foto-Gustav-Hammarhjelm-800x800.jpg 800w, https:\/\/www.toftagnisvard.se\/gustavs-orkidevandring\/wp-content\/uploads\/Karrknipprotens-blomma-i-narbild-Foto-Gustav-Hammarhjelm.jpg 839w\" sizes=\"(max-width: 839px) 100vw, 839px\" \/><\/a><p id=\"caption-attachment-24\" class=\"wp-caption-text\">K\u00e4rrknipprot<br \/>Foto: Gustav Hammarhjelm<\/p><\/div>\n<\/div><\/div><\/div><\/div><\/div><div class=\"fusion-fullwidth fullwidth-box fusion-builder-row-3 fusion-flex-container has-pattern-background has-mask-background fusion-parallax-none nonhundred-percent-fullwidth non-hundred-percent-height-scrolling\" style=\"--awb-border-radius-top-left:0px;--awb-border-radius-top-right:0px;--awb-border-radius-bottom-right:0px;--awb-border-radius-bottom-left:0px;--awb-padding-top:200px;--awb-padding-bottom:200px;--awb-margin-top:60px;--awb-background-image:url(&quot;https:\/\/www.toftagnisvard.se\/gustavs-orkidevandring\/wp-content\/uploads\/Slatterangen-vid-Gnisvards-bad-Foto-Bjorn-Risinger-scaled.jpg&quot;);--awb-background-size:cover;--awb-flex-wrap:wrap;\" ><div class=\"fusion-builder-row fusion-row fusion-flex-align-items-flex-start fusion-flex-content-wrap\" style=\"max-width:1248px;margin-left: calc(-4% \/ 2 );margin-right: calc(-4% \/ 2 );\"><div class=\"fusion-layout-column fusion_builder_column fusion-builder-column-4 fusion_builder_column_1_1 1_1 fusion-flex-column\" style=\"--awb-bg-size:cover;--awb-width-large:100%;--awb-margin-top-large:0px;--awb-spacing-right-large:1.92%;--awb-margin-bottom-large:20px;--awb-spacing-left-large:1.92%;--awb-width-medium:100%;--awb-order-medium:0;--awb-spacing-right-medium:1.92%;--awb-spacing-left-medium:1.92%;--awb-width-small:100%;--awb-order-small:0;--awb-spacing-right-small:1.92%;--awb-spacing-left-small:1.92%;\"><div class=\"fusion-column-wrapper fusion-column-has-shadow fusion-flex-justify-content-flex-start fusion-content-layout-column\"><\/div><\/div><\/div><\/div><\/p>\n","protected":false},"excerpt":{"rendered":"","protected":false},"author":2,"featured_media":0,"parent":0,"menu_order":10,"comment_status":"closed","ping_status":"closed","template":"100-width.php","meta":{"footnotes":""},"class_list":["post-9","page","type-page","status-publish","hentry"],"_links":{"self":[{"href":"https:\/\/www.toftagnisvard.se\/gustavs-orkidevandring\/wp-json\/wp\/v2\/pages\/9","targetHints":{"allow":["GET"]}}],"collection":[{"href":"https:\/\/www.toftagnisvard.se\/gustavs-orkidevandring\/wp-json\/wp\/v2\/pages"}],"about":[{"href":"https:\/\/www.toftagnisvard.se\/gustavs-orkidevandring\/wp-json\/wp\/v2\/types\/page"}],"author":[{"embeddable":true,"href":"https:\/\/www.toftagnisvard.se\/gustavs-orkidevandring\/wp-json\/wp\/v2\/users\/2"}],"replies":[{"embeddable":true,"href":"https:\/\/www.toftagnisvard.se\/gustavs-orkidevandring\/wp-json\/wp\/v2\/comments?post=9"}],"version-history":[{"count":77,"href":"https:\/\/www.toftagnisvard.se\/gustavs-orkidevandring\/wp-json\/wp\/v2\/pages\/9\/revisions"}],"predecessor-version":[{"id":371,"href":"https:\/\/www.toftagnisvard.se\/gustavs-orkidevandring\/wp-json\/wp\/v2\/pages\/9\/revisions\/371"}],"wp:attachment":[{"href":"https:\/\/www.toftagnisvard.se\/gustavs-orkidevandring\/wp-json\/wp\/v2\/media?parent=9"}],"curies":[{"name":"wp","href":"https:\/\/api.w.org\/{rel}","templated":true}]}}